{"id":2306,"date":"2022-01-14T10:50:35","date_gmt":"2022-01-14T09:50:35","guid":{"rendered":"https:\/\/timander.de\/?page_id=2306"},"modified":"2022-02-16T09:17:18","modified_gmt":"2022-02-16T08:17:18","slug":"starta","status":"publish","type":"page","link":"https:\/\/timander.de\/sv\/","title":{"rendered":"Starta"},"content":{"rendered":"<p>[et_pb_section fb_built=&#8221;1&#8243; fullwidth=&#8221;on&#8221; _builder_version=&#8221;4.4.1&#8243; min_height_tablet=&#8221;&#8221; min_height_phone=&#8221;100px&#8221; min_height_last_edited=&#8221;on|phone&#8221; max_height_tablet=&#8221;&#8221; max_height_phone=&#8221;325px&#8221; max_height_last_edited=&#8221;on|desktop&#8221; custom_margin=&#8221;||||false|false&#8221; custom_padding=&#8221;||||false|false&#8221; global_colors_info=&#8221;{}&#8221;][et_pb_fullwidth_image src=&#8221;https:\/\/timander.de\/wp-content\/uploads\/2020\/03\/Digitalisierung-Fu\u0308hrungskompetenz-Visionen.jpg&#8221; _builder_version=&#8221;4.4.1&#8243; background_enable_image=&#8221;off&#8221; min_height=&#8221;500px&#8221; global_colors_info=&#8221;{}&#8221;][\/et_pb_fullwidth_image][\/et_pb_section][et_pb_section fb_built=&#8221;1&#8243; _builder_version=&#8221;4.3.4&#8243; background_color=&#8221;#ffffff&#8221; min_height=&#8221;608px&#8221; custom_padding=&#8221;5px||45px|||&#8221; global_colors_info=&#8221;{}&#8221;][et_pb_row column_structure=&#8221;1_2,1_2&#8243; _builder_version=&#8221;4.4.1&#8243; custom_margin=&#8221;-6px|auto|-2px|auto||&#8221; custom_padding=&#8221;2px||0px|||&#8221; global_colors_info=&#8221;{}&#8221;][et_pb_column type=&#8221;1_2&#8243; _builder_version=&#8221;3.25.4&#8243; global_colors_info=&#8221;{}&#8221;][et_pb_text _builder_version=&#8221;4.4.8&#8243; text_font=&#8221;Lato|300|||||||&#8221; header_font=&#8221;Lato|700|||||||&#8221; header_text_align=&#8221;right&#8221; header_text_color=&#8221;#125f1d&#8221; min_height=&#8221;54px&#8221; custom_margin=&#8221;90px|||||&#8221; custom_padding=&#8221;3px|||||&#8221; global_colors_info=&#8221;{}&#8221;]<\/p>\n<h1>Svea Timander<\/h1>\n<h1>Digitalisering inneb\u00e4r<br \/>kompetensutveckling f\u00f6r ledare<\/h1>\n<p><span><span class=\"Apple-converted-space\"><\/span><\/span><\/p>\n<p>[\/et_pb_text][\/et_pb_column][et_pb_column type=&#8221;1_2&#8243; _builder_version=&#8221;3.25.4&#8243; global_colors_info=&#8221;{}&#8221;][et_pb_text _builder_version=&#8221;4.4.1&#8243; text_font=&#8221;Lato||||||||&#8221; header_font=&#8221;Lato|300||on|||||&#8221; header_2_font=&#8221;Lato|300||on|||||&#8221; header_2_font_size=&#8221;28px&#8221; header_3_font=&#8221;Lato|300||on|||||&#8221; header_3_font_size=&#8221;28px&#8221; width=&#8221;100%&#8221; custom_padding=&#8221;60px|||||&#8221; global_colors_info=&#8221;{}&#8221;]<\/p>\n<h3>NYA V\u00c4GAR MOT ETT FRAMG\u00c5NGSRIKT LEDARSKAP<\/h3>\n<p>[\/et_pb_text][et_pb_text _builder_version=&#8221;4.7.0&#8243; text_font=&#8221;Lato|300|||||||&#8221; text_text_color=&#8221;#000000&#8243; text_font_size=&#8221;19px&#8221; header_2_font=&#8221;Lato|300||on|||||&#8221; header_2_font_size=&#8221;28px&#8221; custom_margin=&#8221;0px||-2px||false|false&#8221; custom_margin_tablet=&#8221;||20px||false|false&#8221; custom_margin_phone=&#8221;&#8221; custom_margin_last_edited=&#8221;on|desktop&#8221; custom_padding=&#8221;||0px|||&#8221; custom_padding_tablet=&#8221;&#8221; custom_padding_phone=&#8221;&#8221; custom_padding_last_edited=&#8221;on|desktop&#8221; global_colors_info=&#8221;{}&#8221;]<\/p>\n<p><strong>veckla din kreativitet p\u00e5 ovanliga platser<\/strong><\/p>\n<p>I vardagen har vi s\u00e4llan tid att f\u00f6rst\u00e5 vad som h\u00e4nder n\u00e4r vi r\u00e5kar in i konfliktsituationer. Vi agerar instinktivt och tar hj\u00e4lp av erfarenheter som kan ha lett oss in p\u00e5 fel v\u00e4gar. <strong>F\u00f6rr eller senare kommer k\u00e4nslor av utmattning, tr\u00f6tthet och hj\u00e4lpl\u00f6shet.<\/strong> Vi anstr\u00e4nger oss, men vi kommer inte i m\u00e5l. Vi stannar kvar i en ilsken r\u00e5dl\u00f6shet.<br \/>Det handlar ofta om m\u00f6nster och strukturer fr\u00e5n barndomen som vi fortfarande b\u00e4r p\u00e5 som vuxna. Under workshops som \u00f6verraskar, som \u00e4r roliga och som \u00f6ppnar sinnena kan vi bli varse och desarmera dessa m\u00f6nster. Och <strong>via individuell coachning<\/strong>, som p\u00e5 ett k\u00e4rleksfullt s\u00e4tt f\u00f6renar oss med oss sj\u00e4lva, <strong>l\u00f6ses m\u00f6nster,<\/strong> <strong>antaganden och blockeringar upp<\/strong> s\u00e5 att vi kan uppt\u00e4cka ny potential.<br \/>Detta \u00e4r den nya <strong>ledarskapsutbildningen i digitaliseringens och f\u00f6retagskulturomvandlingens tids\u00e5lder<\/strong>.\u00a0Denna coachning l\u00e4mpar sig \u00e4ven f\u00f6r privat utveckling. <strong>Chefscoachning i naturen<\/strong> har f\u00f6ljande m\u00e5l:<\/p>\n<p><span>\u00a0\u00a0 <\/span><\/p>\n<h2>F\u00d6RDELAR<\/h2>\n<ul>\n<li>Skapa visioner och formulera motsvarande m\u00e5l<\/li>\n<li>Ge mod att ta innovativa beslut<\/li>\n<li>Utveckla sin kompetens som ledare<\/li>\n<li>Bli \u00f6ppen f\u00f6r nya ledarstilar<\/li>\n<li>Guida medarbetare mot kreativitet och flexibilitet<\/li>\n<\/ul>\n<p>[\/et_pb_text][\/et_pb_column][\/et_pb_row][\/et_pb_section][et_pb_section fb_built=&#8221;1&#8243; fullwidth=&#8221;on&#8221; _builder_version=&#8221;4.4.1&#8243; min_height_tablet=&#8221;&#8221; min_height_phone=&#8221;100px&#8221; min_height_last_edited=&#8221;on|desktop&#8221; height_tablet=&#8221;&#8221; height_phone=&#8221;300px&#8221; height_last_edited=&#8221;on|desktop&#8221; max_height_tablet=&#8221;&#8221; max_height_phone=&#8221;&#8221; max_height_last_edited=&#8221;on|desktop&#8221; global_colors_info=&#8221;{}&#8221;][et_pb_fullwidth_image _builder_version=&#8221;4.4.1&#8243; background_image=&#8221;https:\/\/timander.de\/wp-content\/uploads\/2020\/03\/Timander-Visionen-kreieren-Mitarbeitermotivation-1.jpg&#8221; background_position=&#8221;top_center&#8221; min_height=&#8221;581px&#8221; height=&#8221;850px&#8221; background_last_edited=&#8221;on|phone&#8221; background_position_phone=&#8221;bottom_center&#8221; global_colors_info=&#8221;{}&#8221;][\/et_pb_fullwidth_image][\/et_pb_section][et_pb_section fb_built=&#8221;1&#8243; _builder_version=&#8221;4.4.1&#8243; custom_margin=&#8221;||0px|||&#8221; custom_padding=&#8221;3px||4px|||&#8221; global_colors_info=&#8221;{}&#8221;][et_pb_row column_structure=&#8221;1_2,1_2&#8243; _builder_version=&#8221;3.25.4&#8243; min_height=&#8221;600px&#8221; custom_margin=&#8221;0px|auto|-4px|auto||&#8221; custom_padding=&#8221;3px|||||&#8221; global_colors_info=&#8221;{}&#8221;][et_pb_column type=&#8221;1_2&#8243; _builder_version=&#8221;3.25.4&#8243; global_colors_info=&#8221;{}&#8221;][et_pb_text _builder_version=&#8221;4.3.4&#8243; _dynamic_attributes=&#8221;link_option_url&#8221; text_font=&#8221;Lato|300|||||||&#8221; header_font=&#8221;Lato|700|||||||&#8221; header_text_align=&#8221;right&#8221; header_text_color=&#8221;#125f1d&#8221; header_2_font=&#8221;Lato|700|||||||&#8221; header_2_text_align=&#8221;right&#8221; header_2_text_color=&#8221;#125f1d&#8221; header_2_font_size=&#8221;38px&#8221; custom_padding=&#8221;90px|||||&#8221; link_option_url=&#8221;@ET-DC@eyJkeW5hbWljIjp0cnVlLCJjb250ZW50IjoicG9zdF9saW5rX3VybF9wYWdlIiwic2V0dGluZ3MiOnsicG9zdF9pZCI6IjgyMCJ9fQ==@&#8221; global_colors_info=&#8221;{}&#8221;]<\/p>\n<h2>Mina erbjudanden<\/h2>\n<p><span><span class=\"Apple-converted-space\"><\/span><\/span><\/p>\n<p>[\/et_pb_text][\/et_pb_column][et_pb_column type=&#8221;1_2&#8243; _builder_version=&#8221;3.25.4&#8243; global_colors_info=&#8221;{}&#8221;][et_pb_text _builder_version=&#8221;4.14.2&#8243; text_font=&#8221;Lato|300|||||||&#8221; text_text_color=&#8221;#000000&#8243; text_font_size=&#8221;19px&#8221; header_font=&#8221;Lato|300||on|||||&#8221; header_2_font=&#8221;Lato|300||on|||||&#8221; header_2_font_size=&#8221;28px&#8221; header_3_font=&#8221;Lato|300||on|||||&#8221; header_3_font_size=&#8221;28px&#8221; width=&#8221;100%&#8221; custom_margin=&#8221;0px||40px||false|false&#8221; custom_padding=&#8221;60px||16px|||&#8221; link_option_url=&#8221;https:\/\/test6.h20470.server14.configcenter.info\/sv\/angebote\/#anker-berlincoaching-angebote\/&#8221; border_color_all=&#8221;#125f1d&#8221; border_width_bottom=&#8221;2px&#8221; border_color_bottom=&#8221;#125f1d&#8221; global_colors_info=&#8221;{}&#8221;]<\/p>\n<h3>VARSEBLI \u2013 UPPT\u00c4CKA \u2013OMV\u00c4RDERA<\/h3>\n<p><strong>Chefscoachning i naturen: Att \u00f6ppna sig f\u00f6r visioner \u2013 anv\u00e4nda kreativitet medvetet<br \/><\/strong>Coachning i skogarna runt Berlin f\u00f6r grupper och enskilda individer. Med Svea Timander. \u00c4ven l\u00e4mplig f\u00f6r privat utveckling.<\/p>\n<p>[\/et_pb_text][et_pb_text _builder_version=&#8221;4.14.2&#8243; text_font=&#8221;Lato|300|||||||&#8221; text_text_color=&#8221;#000000&#8243; text_font_size=&#8221;19px&#8221; header_font=&#8221;Lato|300||on|||||&#8221; header_2_font=&#8221;Lato|300||on|||||&#8221; header_2_font_size=&#8221;28px&#8221; header_3_font=&#8221;Lato|300||on|||||&#8221; header_3_font_size=&#8221;28px&#8221; width=&#8221;100%&#8221; custom_margin=&#8221;0px||0px||false|false&#8221; custom_padding=&#8221;6px||16px|||&#8221; link_option_url=&#8221;https:\/\/test6.h20470.server14.configcenter.info\/sv\/angebote\/#anker-hamsterrad-angebote&#8221; border_color_all=&#8221;#125f1d&#8221; border_width_bottom=&#8221;2px&#8221; border_color_bottom=&#8221;#125f1d&#8221; global_colors_info=&#8221;{}&#8221;]<\/p>\n<h3>L\u00c4MNA EKORRHJULET<\/h3>\n<p><span><b>Ta p\u00e5 sig ansvar med l\u00e4tthet \u2013 ta beslut utan \u00e5ngest<br \/><\/b><\/span>Individuell coachning i ett rum med behaglig atmosf\u00e4r. Med Svea Timander. \u00c4ven l\u00e4mplig f\u00f6r privat utveckling.<\/p>\n<p>[\/et_pb_text][et_pb_text _builder_version=&#8221;4.14.2&#8243; text_font=&#8221;Lato|300|||||||&#8221; text_text_color=&#8221;#000000&#8243; text_font_size=&#8221;19px&#8221; header_font=&#8221;Lato|300||on|||||&#8221; header_2_font=&#8221;Lato|300||on|||||&#8221; header_2_font_size=&#8221;28px&#8221; header_3_font=&#8221;Lato|300||on|||||&#8221; header_3_font_size=&#8221;28px&#8221; width=&#8221;100%&#8221; custom_margin=&#8221;40px||0px||false|false&#8221; custom_padding=&#8221;6px||16px|||&#8221; link_option_url=&#8221;https:\/\/test6.h20470.server14.configcenter.info\/sv\/angebote\/#anker-schwedencoaching-angebote&#8221; border_color_all=&#8221;#125f1d&#8221; border_color_bottom=&#8221;#125f1d&#8221; global_colors_info=&#8221;{}&#8221;]<\/p>\n<h3>7 DAGAR I DEN<br \/>SVENSKA VILDMARKEN<\/h3>\n<p><span><b>Chefscoachning i naturen: M\u00f6tet med mig sj\u00e4lv<br \/><\/b><\/span>Liten grupp p\u00e5 fyra personer med boende i stugor, utan mobil och dator. Med Svea Timander. \u00c4ven l\u00e4mplig f\u00f6r privat utveckling.<\/p>\n<p>[\/et_pb_text][\/et_pb_column][\/et_pb_row][\/et_pb_section][et_pb_section fb_built=&#8221;1&#8243; fullwidth=&#8221;on&#8221; _builder_version=&#8221;3.25.4&#8243; global_colors_info=&#8221;{}&#8221;][et_pb_fullwidth_image _builder_version=&#8221;4.4.1&#8243; background_image=&#8221;https:\/\/timander.de\/wp-content\/uploads\/2020\/03\/Svea-Timander-F\u00fchrungskr\u00e4ftetraining-Skills.jpg&#8221; background_position=&#8221;bottom_center&#8221; width_tablet=&#8221;&#8221; width_phone=&#8221;&#8221; width_last_edited=&#8221;on|phone&#8221; max_width_tablet=&#8221;&#8221; max_width_phone=&#8221;&#8221; max_width_last_edited=&#8221;on|phone&#8221; min_height=&#8221;572px&#8221; min_height_tablet=&#8221;490px&#8221; min_height_phone=&#8221;100px&#8221; min_height_last_edited=&#8221;on|phone&#8221; height=&#8221;850px&#8221; height_tablet=&#8221;100px&#8221; height_phone=&#8221;750px&#8221; height_last_edited=&#8221;on|desktop&#8221; max_height_tablet=&#8221;1000px&#8221; max_height_phone=&#8221;325px&#8221; max_height_last_edited=&#8221;on|tablet&#8221; custom_margin=&#8221;-2px|||||&#8221; custom_padding=&#8221;0px|||||&#8221; background_last_edited=&#8221;on|phone&#8221; global_colors_info=&#8221;{}&#8221;][\/et_pb_fullwidth_image][\/et_pb_section][et_pb_section fb_built=&#8221;1&#8243; _builder_version=&#8221;4.4.1&#8243; background_color=&#8221;rgba(0,0,0,0)&#8221; use_background_color_gradient=&#8221;on&#8221; background_color_gradient_start=&#8221;#ffffff&#8221; background_color_gradient_end=&#8221;#ffffff&#8221; background_color_gradient_type=&#8221;radial&#8221; background_color_gradient_start_position=&#8221;1%&#8221; custom_margin=&#8221;0px||-1px|||&#8221; custom_padding=&#8221;5px||6px|||&#8221; global_colors_info=&#8221;{}&#8221;][et_pb_row column_structure=&#8221;1_2,1_2&#8243; _builder_version=&#8221;4.14.2&#8243; min_height=&#8221;347px&#8221; custom_margin=&#8221;-1px|auto|-6px|auto||&#8221; custom_padding=&#8221;3px|||||&#8221; global_colors_info=&#8221;{}&#8221;][et_pb_column type=&#8221;1_2&#8243; _builder_version=&#8221;3.25.4&#8243; global_colors_info=&#8221;{}&#8221;][et_pb_image src=&#8221;https:\/\/timander.de\/wp-content\/uploads\/2020\/03\/sveatimander_gruen-e1583426000898.png&#8221; url=&#8221;@ET-DC@eyJkeW5hbWljIjp0cnVlLCJjb250ZW50IjoicG9zdF9saW5rX3VybF9wYWdlIiwic2V0dGluZ3MiOnsicG9zdF9pZCI6IjgzOSJ9fQ==@&#8221; align=&#8221;right&#8221; _builder_version=&#8221;4.4.1&#8243; _dynamic_attributes=&#8221;url&#8221; min_height=&#8221;14px&#8221; custom_margin=&#8221;90px|||||&#8221; global_colors_info=&#8221;{}&#8221;][\/et_pb_image][\/et_pb_column][et_pb_column type=&#8221;1_2&#8243; _builder_version=&#8221;3.25.4&#8243; global_colors_info=&#8221;{}&#8221;][et_pb_text _builder_version=&#8221;4.4.1&#8243; _dynamic_attributes=&#8221;link_option_url&#8221; text_font=&#8221;Lato||||||||&#8221; header_font=&#8221;Lato|300||on|||||&#8221; header_2_font=&#8221;Lato|300||on|||||&#8221; header_2_font_size=&#8221;28px&#8221; header_3_font=&#8221;Lato|300||on|||||&#8221; header_3_font_size=&#8221;28px&#8221; width=&#8221;100%&#8221; custom_padding=&#8221;60px|||||&#8221; link_option_url=&#8221;@ET-DC@eyJkeW5hbWljIjp0cnVlLCJjb250ZW50IjoicG9zdF9saW5rX3VybF9wYWdlIiwic2V0dGluZ3MiOnsicG9zdF9pZCI6IjgzOSJ9fQ==@&#8221; global_colors_info=&#8221;{}&#8221;]<\/p>\n<h2>SPETSKOMPETENS GENOM EXPERTIS<\/h2>\n<p>[\/et_pb_text][et_pb_text _builder_version=&#8221;4.14.2&#8243; _dynamic_attributes=&#8221;link_option_url&#8221; text_font=&#8221;Lato|300|||||||&#8221; text_text_color=&#8221;#000000&#8243; text_font_size=&#8221;19px&#8221; custom_margin=&#8221;0px||62px|||&#8221; link_option_url=&#8221;@ET-DC@eyJkeW5hbWljIjp0cnVlLCJjb250ZW50IjoicG9zdF9saW5rX3VybF9wYWdlIiwic2V0dGluZ3MiOnsicG9zdF9pZCI6IjgzOSJ9fQ==@&#8221; global_colors_info=&#8221;{}&#8221;]<\/p>\n<p>Jag \u00e4r utbildad <a href=\"https:\/\/www.filmmakers.de\/actor\/view?rid=d851d61a4a3da6511bc24626fa6dd456&amp;searchid=865138636\"><span>sk\u00e5despelerska <\/span><\/a><a href=\"https:\/\/www.filmmakers.de\/actor\/view?rid=d851d61a4a3da6511bc24626fa6dd456&amp;searchid=865138636\" target=\"_blank\" rel=\"noopener noreferrer\"><\/a><span>och verksam inom film, TV samt teater. Som sk\u00e5despelare \u00e4r jag intresserad av hur saker st\u00e4ndigt f\u00f6r\u00e4ndras och blir till n\u00e5got nytt. Det finns tekniker som man kan anv\u00e4nda f\u00f6r att f\u00f6rbli \u00f6ppen.<\/span><\/p>\n<p><span>Jag anv\u00e4nder dem med framg\u00e5ng under mina workshops f\u00f6r chefer och medarbetare. De \u00e4r roliga att arbeta med och effekten \u00e4r l\u00e5ngvarig.<\/span><\/p>\n<p>H\u00e4r kan du l\u00e4sa mer om mig och mitt arbete.<\/p>\n<p>[\/et_pb_text][et_pb_button button_url=&#8221;ma&#105;&#108;&#116;&#111;&#x3a;&#x69;&#x6e;&#x66;&#x6f;&#64;t&#105;&#109;&#97;&#110;&#x64;&#x65;&#x72;&#x2e;&#x64;e&#8221; button_text=&#8221;Vill du ha mer information? Skriv till mig.&#8221; button_alignment=&#8221;right&#8221; _builder_version=&#8221;4.14.2&#8243; custom_button=&#8221;on&#8221; button_text_size=&#8221;18px&#8221; button_text_color=&#8221;#125f1d&#8221; button_font=&#8221;Lato||||||||&#8221; button_use_icon=&#8221;off&#8221; global_colors_info=&#8221;{}&#8221;][\/et_pb_button][\/et_pb_column][\/et_pb_row][\/et_pb_section][et_pb_section fb_built=&#8221;1&#8243; custom_padding_last_edited=&#8221;on|phone&#8221; _builder_version=&#8221;4.4.1&#8243; background_image=&#8221;https:\/\/timander.de\/wp-content\/uploads\/2020\/03\/Timander-Natur-Verlangsamen-sp\u00fcren.jpg&#8221; min_height=&#8221;400px&#8221; min_height_tablet=&#8221;0px&#8221; min_height_phone=&#8221;100px&#8221; min_height_last_edited=&#8221;on|desktop&#8221; height=&#8221;900px&#8221; height_tablet=&#8221;&#8221; height_phone=&#8221;auto&#8221; height_last_edited=&#8221;on|phone&#8221; max_height_tablet=&#8221;&#8221; max_height_phone=&#8221;390px&#8221; max_height_last_edited=&#8221;on|tablet&#8221; custom_margin=&#8221;0px||||false|false&#8221; custom_margin_tablet=&#8221;&#8221; custom_margin_phone=&#8221;0px||||false|false&#8221; custom_margin_last_edited=&#8221;on|phone&#8221; custom_padding=&#8221;0px||900px||false|false&#8221; custom_padding_tablet=&#8221;&#8221; custom_padding_phone=&#8221;0px||||false|false&#8221; background_last_edited=&#8221;on|desktop&#8221; background_size_phone=&#8221;cover&#8221; background_position_phone=&#8221;bottom_center&#8221; global_colors_info=&#8221;{}&#8221;][\/et_pb_section]<\/p>\n","protected":false},"excerpt":{"rendered":"<p>Svea Timander Digitalisering inneb\u00e4rkompetensutveckling f\u00f6r ledare NYA V\u00c4GAR MOT ETT FRAMG\u00c5NGSRIKT LEDARSKAPveckla din kreativitet p\u00e5 ovanliga platser I vardagen har vi s\u00e4llan tid att f\u00f6rst\u00e5 vad som h\u00e4nder n\u00e4r vi r\u00e5kar in i konfliktsituationer. Vi agerar instinktivt och tar hj\u00e4lp av erfarenheter som kan ha lett oss in p\u00e5 fel v\u00e4gar. F\u00f6rr eller senare kommer [&hellip;]<\/p>\n","protected":false},"author":6,"featured_media":0,"parent":0,"menu_order":0,"comment_status":"closed","ping_status":"closed","template":"","meta":{"_et_pb_use_builder":"on","_et_pb_old_content":"","_et_gb_content_width":"","footnotes":""},"class_list":["post-2306","page","type-page","status-publish","hentry"],"yoast_head":"<!-- This site is optimized with the Yoast SEO Premium plugin v26.8 (Yoast SEO v26.8) - https:\/\/yoast.com\/product\/yoast-seo-premium-wordpress\/ -->\n<title>Starta - Svea Timander<\/title>\n<meta name=\"robots\" content=\"index, follow, max-snippet:-1, max-image-preview:large, max-video-preview:-1\" \/>\n<link rel=\"canonical\" href=\"https:\/\/timander.de\/sv\/\" \/>\n<meta property=\"og:locale\" content=\"sv_SE\" \/>\n<meta property=\"og:type\" content=\"article\" \/>\n<meta property=\"og:title\" content=\"Starta\" \/>\n<meta property=\"og:description\" content=\"Svea Timander Digitalisering inneb\u00e4rkompetensutveckling f\u00f6r ledare NYA V\u00c4GAR MOT ETT FRAMG\u00c5NGSRIKT LEDARSKAPveckla din kreativitet p\u00e5 ovanliga platser I vardagen har vi s\u00e4llan tid att f\u00f6rst\u00e5 vad som h\u00e4nder n\u00e4r vi r\u00e5kar in i konfliktsituationer. Vi agerar instinktivt och tar hj\u00e4lp av erfarenheter som kan ha lett oss in p\u00e5 fel v\u00e4gar. F\u00f6rr eller senare kommer [&hellip;]\" \/>\n<meta property=\"og:url\" content=\"https:\/\/timander.de\/sv\/\" \/>\n<meta property=\"og:site_name\" content=\"Svea Timander\" \/>\n<meta property=\"article:modified_time\" content=\"2022-02-16T08:17:18+00:00\" \/>\n<meta name=\"twitter:card\" content=\"summary_large_image\" \/>\n<script type=\"application\/ld+json\" class=\"yoast-schema-graph\">{\"@context\":\"https:\/\/schema.org\",\"@graph\":[{\"@type\":\"WebPage\",\"@id\":\"https:\/\/timander.de\/sv\/\",\"url\":\"https:\/\/timander.de\/sv\/\",\"name\":\"Starta - Svea Timander\",\"isPartOf\":{\"@id\":\"https:\/\/timander.de\/#website\"},\"datePublished\":\"2022-01-14T09:50:35+00:00\",\"dateModified\":\"2022-02-16T08:17:18+00:00\",\"breadcrumb\":{\"@id\":\"https:\/\/timander.de\/sv\/#breadcrumb\"},\"inLanguage\":\"sv-SE\",\"potentialAction\":[{\"@type\":\"ReadAction\",\"target\":[\"https:\/\/timander.de\/sv\/\"]}]},{\"@type\":\"BreadcrumbList\",\"@id\":\"https:\/\/timander.de\/sv\/#breadcrumb\",\"itemListElement\":[{\"@type\":\"ListItem\",\"position\":1,\"name\":\"Startseite\",\"item\":\"https:\/\/timander.de\/sv\/\"},{\"@type\":\"ListItem\",\"position\":2,\"name\":\"Starta\"}]},{\"@type\":\"WebSite\",\"@id\":\"https:\/\/timander.de\/#website\",\"url\":\"https:\/\/timander.de\/\",\"name\":\"Svea Timander\",\"description\":\"Digitalisierung hei\u00dft F\u00fchrungskompetenzerweiterung\",\"publisher\":{\"@id\":\"https:\/\/timander.de\/#\/schema\/person\/b34f98d8cf04d9a75a3182b59d8c4d3d\"},\"potentialAction\":[{\"@type\":\"SearchAction\",\"target\":{\"@type\":\"EntryPoint\",\"urlTemplate\":\"https:\/\/timander.de\/?s={search_term_string}\"},\"query-input\":{\"@type\":\"PropertyValueSpecification\",\"valueRequired\":true,\"valueName\":\"search_term_string\"}}],\"inLanguage\":\"sv-SE\"},{\"@type\":[\"Person\",\"Organization\"],\"@id\":\"https:\/\/timander.de\/#\/schema\/person\/b34f98d8cf04d9a75a3182b59d8c4d3d\",\"name\":\"Svea Timander\",\"image\":{\"@type\":\"ImageObject\",\"inLanguage\":\"sv-SE\",\"@id\":\"https:\/\/timander.de\/#\/schema\/person\/image\/\",\"url\":\"https:\/\/secure.gravatar.com\/avatar\/f819e28489c4d92b854073bb5fa9aab3?s=96&d=mm&r=g\",\"contentUrl\":\"https:\/\/secure.gravatar.com\/avatar\/f819e28489c4d92b854073bb5fa9aab3?s=96&d=mm&r=g\",\"caption\":\"Svea Timander\"},\"logo\":{\"@id\":\"https:\/\/timander.de\/#\/schema\/person\/image\/\"},\"sameAs\":[\"https:\/\/timander.de\"]}]}<\/script>\n<!-- \/ Yoast SEO Premium plugin. -->","yoast_head_json":{"title":"Starta - Svea Timander","robots":{"index":"index","follow":"follow","max-snippet":"max-snippet:-1","max-image-preview":"max-image-preview:large","max-video-preview":"max-video-preview:-1"},"canonical":"https:\/\/timander.de\/sv\/","og_locale":"sv_SE","og_type":"article","og_title":"Starta","og_description":"Svea Timander Digitalisering inneb\u00e4rkompetensutveckling f\u00f6r ledare NYA V\u00c4GAR MOT ETT FRAMG\u00c5NGSRIKT LEDARSKAPveckla din kreativitet p\u00e5 ovanliga platser I vardagen har vi s\u00e4llan tid att f\u00f6rst\u00e5 vad som h\u00e4nder n\u00e4r vi r\u00e5kar in i konfliktsituationer. Vi agerar instinktivt och tar hj\u00e4lp av erfarenheter som kan ha lett oss in p\u00e5 fel v\u00e4gar. F\u00f6rr eller senare kommer [&hellip;]","og_url":"https:\/\/timander.de\/sv\/","og_site_name":"Svea Timander","article_modified_time":"2022-02-16T08:17:18+00:00","twitter_card":"summary_large_image","schema":{"@context":"https:\/\/schema.org","@graph":[{"@type":"WebPage","@id":"https:\/\/timander.de\/sv\/","url":"https:\/\/timander.de\/sv\/","name":"Starta - Svea Timander","isPartOf":{"@id":"https:\/\/timander.de\/#website"},"datePublished":"2022-01-14T09:50:35+00:00","dateModified":"2022-02-16T08:17:18+00:00","breadcrumb":{"@id":"https:\/\/timander.de\/sv\/#breadcrumb"},"inLanguage":"sv-SE","potentialAction":[{"@type":"ReadAction","target":["https:\/\/timander.de\/sv\/"]}]},{"@type":"BreadcrumbList","@id":"https:\/\/timander.de\/sv\/#breadcrumb","itemListElement":[{"@type":"ListItem","position":1,"name":"Startseite","item":"https:\/\/timander.de\/sv\/"},{"@type":"ListItem","position":2,"name":"Starta"}]},{"@type":"WebSite","@id":"https:\/\/timander.de\/#website","url":"https:\/\/timander.de\/","name":"Svea Timander","description":"Digitalisierung hei\u00dft F\u00fchrungskompetenzerweiterung","publisher":{"@id":"https:\/\/timander.de\/#\/schema\/person\/b34f98d8cf04d9a75a3182b59d8c4d3d"},"potentialAction":[{"@type":"SearchAction","target":{"@type":"EntryPoint","urlTemplate":"https:\/\/timander.de\/?s={search_term_string}"},"query-input":{"@type":"PropertyValueSpecification","valueRequired":true,"valueName":"search_term_string"}}],"inLanguage":"sv-SE"},{"@type":["Person","Organization"],"@id":"https:\/\/timander.de\/#\/schema\/person\/b34f98d8cf04d9a75a3182b59d8c4d3d","name":"Svea Timander","image":{"@type":"ImageObject","inLanguage":"sv-SE","@id":"https:\/\/timander.de\/#\/schema\/person\/image\/","url":"https:\/\/secure.gravatar.com\/avatar\/f819e28489c4d92b854073bb5fa9aab3?s=96&d=mm&r=g","contentUrl":"https:\/\/secure.gravatar.com\/avatar\/f819e28489c4d92b854073bb5fa9aab3?s=96&d=mm&r=g","caption":"Svea Timander"},"logo":{"@id":"https:\/\/timander.de\/#\/schema\/person\/image\/"},"sameAs":["https:\/\/timander.de"]}]}},"_links":{"self":[{"href":"https:\/\/timander.de\/sv\/wp-json\/wp\/v2\/pages\/2306","targetHints":{"allow":["GET"]}}],"collection":[{"href":"https:\/\/timander.de\/sv\/wp-json\/wp\/v2\/pages"}],"about":[{"href":"https:\/\/timander.de\/sv\/wp-json\/wp\/v2\/types\/page"}],"author":[{"embeddable":true,"href":"https:\/\/timander.de\/sv\/wp-json\/wp\/v2\/users\/6"}],"replies":[{"embeddable":true,"href":"https:\/\/timander.de\/sv\/wp-json\/wp\/v2\/comments?post=2306"}],"version-history":[{"count":2,"href":"https:\/\/timander.de\/sv\/wp-json\/wp\/v2\/pages\/2306\/revisions"}],"predecessor-version":[{"id":2308,"href":"https:\/\/timander.de\/sv\/wp-json\/wp\/v2\/pages\/2306\/revisions\/2308"}],"wp:attachment":[{"href":"https:\/\/timander.de\/sv\/wp-json\/wp\/v2\/media?parent=2306"}],"curies":[{"name":"wp","href":"https:\/\/api.w.org\/{rel}","templated":true}]}}