{"id":2333,"date":"2022-01-14T11:11:47","date_gmt":"2022-01-14T10:11:47","guid":{"rendered":"https:\/\/timander.de\/?page_id=2333"},"modified":"2022-02-16T10:50:42","modified_gmt":"2022-02-16T09:50:42","slug":"privatliv","status":"publish","type":"page","link":"https:\/\/timander.de\/sv\/privatliv\/","title":{"rendered":"Privatliv"},"content":{"rendered":"<p>[et_pb_section fb_built=&#8221;1&#8243; fullwidth=&#8221;on&#8221; _builder_version=&#8221;4.3.4&#8243; global_colors_info=&#8221;{}&#8221;][et_pb_fullwidth_image _builder_version=&#8221;4.4.1&#8243; background_image=&#8221;https:\/\/timander.de\/wp-content\/uploads\/2020\/03\/harmonisches-Arbeitsklima-neue-Wege-1.jpg&#8221; background_position=&#8221;bottom_center&#8221; min_height=&#8221;400px&#8221; height=&#8221;900px&#8221; custom_margin=&#8221;-2px|||||&#8221; custom_padding=&#8221;0px|||||&#8221; global_colors_info=&#8221;{}&#8221;][\/et_pb_fullwidth_image][\/et_pb_section][et_pb_section fb_built=&#8221;1&#8243; _builder_version=&#8221;4.3.4&#8243; background_color=&#8221;rgba(0,0,0,0)&#8221; use_background_color_gradient=&#8221;on&#8221; background_color_gradient_start=&#8221;#ffffff&#8221; background_color_gradient_end=&#8221;#ffffff&#8221; background_color_gradient_type=&#8221;radial&#8221; background_color_gradient_start_position=&#8221;1%&#8221; min_height=&#8221;608px&#8221; custom_margin=&#8221;0px||-2px|||&#8221; custom_padding=&#8221;5px||6px|||&#8221; global_colors_info=&#8221;{}&#8221;][et_pb_row column_structure=&#8221;1_2,1_2&#8243; _builder_version=&#8221;4.3.4&#8243; custom_padding=&#8221;||3px|||&#8221; global_colors_info=&#8221;{}&#8221;][et_pb_column type=&#8221;1_2&#8243; _builder_version=&#8221;4.3.4&#8243; global_colors_info=&#8221;{}&#8221;][et_pb_text _builder_version=&#8221;4.3.4&#8243; text_font=&#8221;Lato|300|||||||&#8221; header_font=&#8221;Lato|700|||||||&#8221; header_text_align=&#8221;right&#8221; header_text_color=&#8221;#125f1d&#8221; min_height=&#8221;54px&#8221; custom_margin=&#8221;90px|||||&#8221; custom_padding=&#8221;3px|||||&#8221; global_colors_info=&#8221;{}&#8221;]<\/p>\n<h1>Privatliv<\/h1>\n<p><span><span class=\"Apple-converted-space\"><\/span><\/span><\/p>\n<p>[\/et_pb_text][et_pb_text _builder_version=&#8221;4.3.4&#8243; text_font=&#8221;Lato|300|||||||&#8221; header_font=&#8221;Lato|700|||||||&#8221; header_text_align=&#8221;right&#8221; header_text_color=&#8221;#125f1d&#8221; min_height=&#8221;54px&#8221; custom_margin=&#8221;90px|||||&#8221; custom_padding=&#8221;3px|||||&#8221; global_colors_info=&#8221;{}&#8221;]<\/p>\n<h1>Integritetspolicy<\/h1>\n<p><span><span class=\"Apple-converted-space\"><\/span><\/span><\/p>\n<p>[\/et_pb_text][\/et_pb_column][et_pb_column type=&#8221;1_2&#8243; _builder_version=&#8221;4.3.4&#8243; global_colors_info=&#8221;{}&#8221;][\/et_pb_column][\/et_pb_row][et_pb_row column_structure=&#8221;1_2,1_2&#8243; _builder_version=&#8221;4.4.8&#8243; custom_margin=&#8221;|auto|60px|auto||&#8221; custom_padding=&#8221;40px||3px|||&#8221; global_colors_info=&#8221;{}&#8221;][et_pb_column type=&#8221;1_2&#8243; _builder_version=&#8221;4.3.4&#8243; global_colors_info=&#8221;{}&#8221;][et_pb_text _builder_version=&#8221;4.4.8&#8243; text_font=&#8221;Lato|300|||||||&#8221; text_text_color=&#8221;#000000&#8243; text_font_size=&#8221;19px&#8221; link_text_color=&#8221;#000000&#8243; custom_margin=&#8221;0px||0px|||&#8221; custom_padding=&#8221;||0px|||&#8221; global_colors_info=&#8221;{}&#8221;]<\/p>\n<div class=\"et_pb_module et_pb_text et_pb_text_2  et_pb_text_align_left et_pb_bg_layout_light\">\n<div class=\"et_pb_text_inner\">\n<p><span><b>1. \u00d6versikt \u00f6ver dataskydd<\/b><\/span><\/p>\n<p><span><em>Allm\u00e4nna upplysningar<\/em><b><br \/><\/b><\/span>F\u00f6ljande information ger en enkel \u00f6versikt \u00f6ver vad som h\u00e4nder med dina personuppgifter n\u00e4r du bes\u00f6ker min webbplats. Personuppgifter \u00e4r alla uppgifter med vilka du kan identifieras. Utf\u00f6rlig information om dataskydd finns i v\u00e5r integritetspolicy under denna text.<\/p>\n<p><strong>Insamling av uppgifter p\u00e5 min webbplats<br \/><\/strong><span style=\"font-size: 19px;\"><em>Vem ansvarar f\u00f6r insamlingen av uppgifter p\u00e5 denna webbplats?<\/em><br \/><\/span>Behandlingen av uppgifter p\u00e5 denna webbplats g\u00f6rs av den som driver webbplatsen. Dess kontaktuppgifter finns i denna webbplats utgivningsinformation.<\/p>\n<p><em>Hur samlar jag in dina uppgifter?<\/em><br \/>Dina uppgifter samlas f\u00f6r det f\u00f6rsta in genom att du meddelar oss dem. Det kan t.ex. handla om uppgifter som du anger i ett kontaktformul\u00e4r.<br \/>Andra uppgifter samlas in automatiskt av v\u00e5ra IT-system vid bes\u00f6k p\u00e5 webbplatsen. Det \u00e4r framf\u00f6r allt tekniska uppgifter (t.ex. webbl\u00e4sare, operativsystem eller klockslag f\u00f6r sidvisning). Insamlingen av dessa uppgifter sker automatiskt, s\u00e5 snart du g\u00e5r in p\u00e5 min webbplats.<\/p>\n<p><em>Vad anv\u00e4nder jag dina uppgifter till?<\/em><br \/>En del av uppgifterna samlas in f\u00f6r att garantera att webbplatsen tillhandah\u00e5lls felfritt. Andra uppgifter kan anv\u00e4ndas f\u00f6r att analysera ditt anv\u00e4ndarbeteende.<\/p>\n<p><em>Vilka r\u00e4ttigheter har du betr\u00e4ffande dina uppgifter?<\/em><br \/>Du har alltid r\u00e4tt att kostnadsfritt f\u00e5 information om dina lagrade personuppgifters ursprung, mottagare och \u00e4ndam\u00e5l. Du har dessutom r\u00e4tt att beg\u00e4ra att dessa uppgifter r\u00e4ttas, sp\u00e4rras eller raderas. Om detta och vid \u00f6vriga fr\u00e5gor om dataskydd kan du alltid kontakta mig p\u00e5 den adress som anges i utgivningsinformationen. Vidare har du r\u00e4tt att inge klagom\u00e5l till den beh\u00f6riga tillsynsmyndigheten.<\/p>\n<p>Dessutom har du r\u00e4tt att under vissa omst\u00e4ndigheter beg\u00e4ra begr\u00e4nsning av behandlingen av dina personuppgifter. Information om detta finns i integritetspolicyn under \u201dR\u00e4tt till begr\u00e4nsning av behandlingen\u201d.<br \/><span style=\"font-size: 19px;\">\u00a0<\/span><\/p>\n<p>\u00a0<b style=\"font-size: 19px;\">2. Allm\u00e4nna upplysningar och obligatorisk information<\/b><\/p>\n<p><span><b>Dataskydd<br \/><\/b><\/span>Den som driver denna webbplats tar skyddet av dina personuppgifter p\u00e5 stort allvar. Jag behandlar dina personuppgifter konfidentiellt och i enlighet med dataskyddslagstiftning och denna integritetspolicy.<\/p>\n<p>N\u00e4r du anv\u00e4nder denna webbplats samlas olika personuppgifter in. Personuppgifter \u00e4r uppgifter med vilka du kan identifieras personligen. F\u00f6religgande integritetspolicy f\u00f6rklarar vilka uppgifter jag samlar in och vad jag anv\u00e4nder dem till. Den f\u00f6rklarar \u00e4ven hur och f\u00f6r vilket \u00e4ndam\u00e5l detta sker.<\/p>\n<p>Jag vill p\u00e5peka att data\u00f6verf\u00f6ring p\u00e5 internet (t.ex. vid kommunikation via e-post) kan ha s\u00e4kerhetsbrister. Ett fullst\u00e4ndigt skydd av uppgifterna mot tredje parts \u00e5tkomst \u00e4r inte m\u00f6jligt.<\/p>\n<p><span><b>Information om personuppgiftsansvarig<br \/><\/b><\/span>Personuppgiftsansvarig f\u00f6r behandlingen av uppgifter p\u00e5 denna webbplats \u00e4r:<\/p>\n<p><span>Svea Timander, Lisztallee 1A, 14612 Falkensee<br \/>Telefon: (030) 89427781<br \/><\/span><span>E-Post: &#x69;&#x6e;&#x66;&#x6f;&#64;&#116;&#105;&#109;and&#x65;&#x72;&#x2e;&#x64;&#x65;<\/span><\/p>\n<p>Personuppgiftsansvarig \u00e4r en fysisk eller juridisk person som ensam eller tillsammans med andra best\u00e4mmer \u00e4ndam\u00e5len och medlen f\u00f6r behandlingen av personuppgifter (t.ex. namn, e-postadresser).<\/p>\n<p><span><b>\u00c5terkallande av ditt samtycke till behandlingen av uppgifter<br \/><\/b><\/span><span>M\u00e5nga typer av behandling \u00e4r endast m\u00f6jliga med ditt uttryckliga samtycke. Du kan n\u00e4r som helst \u00e5terkalla ett samtycke som redan getts. F\u00f6r detta r\u00e4cker ett informellt meddelande till mig via e-post. Lagligheten f\u00f6r den behandling som skett fram tills samtycket \u00e5terkallats p\u00e5verkas inte av \u00e5terkallandet.<\/span><\/p>\n<p><span><b>R\u00e4tt att g\u00f6ra inv\u00e4ndningar mot insamlingen av uppgifter i s\u00e4rskilda fall och mot direkt marknadsf\u00f6ring (artikel 21 i dataskyddsf\u00f6rordningen)<br \/><\/b><\/span>N\u00e4r behandlingen av uppgifter grundar sig p\u00e5 artikel 6.1 e eller f i dataskyddsf\u00f6rordningen har du r\u00e4tt, av sk\u00e4l som h\u00e4nf\u00f6r sig till din specifika situation, att n\u00e4r som helst g\u00f6ra inv\u00e4ndningar mot behandlingen av dina personuppgifter, inbegripet profilering som grundar sig p\u00e5 dessa best\u00e4mmelser. Den aktuella r\u00e4ttsliga grunden f\u00f6r en behandling hittar du i denna integritetspolicy. Om du g\u00f6r inv\u00e4ndningar kommer vi inte l\u00e4ngre att behandla dina personuppgifter s\u00e5vida inte vi kan p\u00e5visa tvingande ber\u00e4ttigade sk\u00e4l f\u00f6r behandlingen som v\u00e4ger tyngre \u00e4n dina intressen, r\u00e4ttigheter och friheter eller det sker f\u00f6r fastst\u00e4llande, ut\u00f6vande eller f\u00f6rsvar av r\u00e4ttsliga anspr\u00e5k (inv\u00e4ndningar enligt artikel 21.1 i dataskyddsf\u00f6rordningen).<\/p>\n<p>Om dina personuppgifter behandlas f\u00f6r direkt marknadsf\u00f6ring har du r\u00e4tt att n\u00e4r som helst inv\u00e4nda mot behandlingen av personuppgifter som avser dig f\u00f6r s\u00e5dan marknadsf\u00f6ring, vilket inkluderar profilering i den utstr\u00e4ckning som denna har ett samband med s\u00e5dan direkt marknadsf\u00f6ring. N\u00e4r du inv\u00e4nder anv\u00e4nds dina personuppgifter d\u00e4refter inte l\u00e4ngre f\u00f6r direkt marknadsf\u00f6ring (inv\u00e4ndningar enligt artikel 21.2 i dataskyddsf\u00f6rordningen).<\/p>\n<p><strong>R\u00e4tt att inge klagom\u00e5l till den beh\u00f6riga tillsynsmyndigheten<\/strong><br \/><span>Vid \u00f6vertr\u00e4delser av dataskyddsf\u00f6rordningen har de registrerade r\u00e4tt att l\u00e4mna in ett klagom\u00e5l till en tillsynsmyndighet, s\u00e4rskilt i den medlemsstat d\u00e4r de har sin hemvist eller sin arbetsplats eller d\u00e4r den p\u00e5st\u00e5dda \u00f6vertr\u00e4delsen begicks. R\u00e4tten att l\u00e4mna in ett klagom\u00e5l p\u00e5verkar inte n\u00e5got annat administrativt pr\u00f6vningsf\u00f6rfarande eller r\u00e4ttsmedel.<\/span><\/p>\n<p><span><b>R\u00e4tt till dataportabilitet<br \/><\/b><\/span><span>Du har r\u00e4tt att f\u00e5 uppgifter som behandlas automatiserat p\u00e5 grundval av ditt samtycke eller f\u00f6r att fullg\u00f6ra ett avtal utl\u00e4mnade till dig eller en tredje part i ett allm\u00e4nt anv\u00e4nt och maskinl\u00e4sbart format. Om du kr\u00e4ver direkt \u00f6verf\u00f6ring av uppgifterna till en annan personuppgiftsansvarig sker detta endast n\u00e4r det \u00e4r tekniskt m\u00f6jligt.<\/span><\/p>\n<p><span><\/span><\/p>\n<\/div>\n<\/div>\n<p>[\/et_pb_text][\/et_pb_column][et_pb_column type=&#8221;1_2&#8243; _builder_version=&#8221;4.3.4&#8243; global_colors_info=&#8221;{}&#8221;][et_pb_text _builder_version=&#8221;4.8.1&#8243; text_font=&#8221;Lato|300|||||||&#8221; text_text_color=&#8221;#000000&#8243; text_font_size=&#8221;19px&#8221; link_font=&#8221;||||||||&#8221; link_text_color=&#8221;#000000&#8243; custom_margin=&#8221;0px||-3px|||&#8221; global_colors_info=&#8221;{}&#8221;]<\/p>\n<p><span><b><\/b><\/span><\/p>\n<p><span><b><\/b><\/span><\/p>\n<p><span><b>Tillg\u00e5ng, sp\u00e4rrning, radering och r\u00e4ttelse<br \/><\/b>Inom ramen f\u00f6r g\u00e4llande lagstiftning har du alltid r\u00e4tt till kostnadsfri information om dina lagrade personuppgifter, deras ursprung och mottagare och \u00e4ndam\u00e5let med behandlingen av uppgifter och eventuellt r\u00e4tt till r\u00e4ttelse, sp\u00e4rrning eller radering av dessa uppgifter. Om detta och vid \u00f6vriga fr\u00e5gor om personuppgifter kan du alltid kontakta mig p\u00e5 den adress som anges i utgivningsinformationen.<\/span><\/p>\n<p><span><b>R\u00e4tt till begr\u00e4nsning av behandling<br \/><\/b><\/span><span>Du har r\u00e4tt att beg\u00e4ra att behandlingen av dina personuppgifter begr\u00e4nsas. Om detta kan du alltid kontakta mig p\u00e5 den adress som anges i utgivningsinformationen. R\u00e4tten till begr\u00e4nsning av behandling f\u00f6religger i f\u00f6ljande fall:<\/span><\/p>\n<ul>\n<li><span><\/span><span>N\u00e4r du bestrider korrektheten f\u00f6r de personuppgifter som lagras hos mig beh\u00f6ver jag i regel tid f\u00f6r att kontrollera detta. Under kontrollen har du r\u00e4tt att beg\u00e4ra att behandlingen av dina personuppgifter begr\u00e4nsas.<\/span><\/li>\n<li><span><\/span><span>Om behandlingen av dina personuppgifter har skett\/sker olagligt kan du i st\u00e4llet f\u00f6r radering beg\u00e4ra begr\u00e4nsning av behandlingen.<\/span><\/li>\n<li><span><\/span><span>N\u00e4r jag inte l\u00e4ngre beh\u00f6ver dina personuppgifter, men du beh\u00f6ver dem f\u00f6r att kunna fastst\u00e4lla, g\u00f6ra g\u00e4llande eller f\u00f6rsvara r\u00e4ttsliga anspr\u00e5k, har du r\u00e4tt att beg\u00e4ra att behandlingen av dina personuppgifter begr\u00e4nsas i st\u00e4llet f\u00f6r radering.<\/span><\/li>\n<li><span><\/span><span>Om du har gjort inv\u00e4ndningar enligt artikel 21.1 i dataskyddsf\u00f6rordningen m\u00e5ste en avv\u00e4gning g\u00f6ras mellan dina och mina intressen. S\u00e5 l\u00e4nge det inte \u00e4r fastst\u00e4llt vems intressen som v\u00e4ger tyngre har du r\u00e4tt att beg\u00e4ra att behandlingen av dina personuppgifter begr\u00e4nsas.<\/span><\/li>\n<\/ul>\n<p><span>Om du har begr\u00e4nsat behandlingen av dina personuppgifter f\u00e5r dessa uppgifter, med undantag f\u00f6r lagring, endast behandlas med ditt samtycke eller f\u00f6r att fastst\u00e4lla, g\u00f6ra g\u00e4llande eller f\u00f6rsvara r\u00e4ttsliga anspr\u00e5k eller f\u00f6r att skydda n\u00e5gon annan fysisk eller juridisk persons r\u00e4ttigheter eller f\u00f6r sk\u00e4l som r\u00f6r ett viktigt allm\u00e4nintresse f\u00f6r Europeiska unionen eller f\u00f6r en medlemsstat.<\/span><\/p>\n<p><span><b>Inv\u00e4ndningar mot e-postreklam<br \/><\/b><\/span><span>H\u00e4rmed inv\u00e4nds mot anv\u00e4ndningen av de kontaktuppgifter som publiceras inom ramen f\u00f6r den obligatoriska utgivningsinformationen f\u00f6r att skicka marknadsf\u00f6ring och informationsmaterial som inte uttryckligen har beg\u00e4rts. Den som driver webbplatsen f\u00f6rbeh\u00e5ller sig uttryckligen r\u00e4tten till r\u00e4ttsliga \u00e5tg\u00e4rder vid icke beg\u00e4rt utskick av marknadsf\u00f6ringsinformation, till exempel genom skr\u00e4ppost.<\/span><span>\u00a0\u00a0<\/span><\/p>\n<p>&nbsp;<\/p>\n<p><span><b>3. Insamling av uppgifter p\u00e5 v\u00e5r webbplats<\/b><\/span><\/p>\n<p><span><b>Serverloggfiler<br \/><\/b><\/span><span>Leverant\u00f6ren av webbplatsen samlar in och lagrar automatiskt information i s\u00e5 kallade serverloggfiler som din webbl\u00e4sare \u00f6verf\u00f6r till oss automatiskt. Dessa \u00e4r:<\/span><\/p>\n<ul>\n<li><span><\/span>Webbl\u00e4sarens typ och version<\/li>\n<li>Anv\u00e4nt operativsystem<\/li>\n<li>Referent-URL<\/li>\n<li>V\u00e4rdnamn p\u00e5 den dator som f\u00e5r \u00e5tkomst<\/li>\n<li>Klockslag f\u00f6r serverbeg\u00e4ran<\/li>\n<li>IP-adress<\/li>\n<\/ul>\n<p><span>Dessa uppgifter sl\u00e5s inte samman med andra uppgiftsk\u00e4llor.<\/span><\/p>\n<p><span>Insamlingen av dessa uppgifter sker p\u00e5 grundval av artikel 6.1 f i dataskyddsf\u00f6rordningen. Den som driver webbplatsen har ett ber\u00e4ttigat intresse av tekniskt felfri visning och optimering av sin webbplats. F\u00f6r detta m\u00e5ste serverloggfilerna registreras.<\/span><\/p>\n<p><span><b>Kontaktformul\u00e4r<br \/><\/b><\/span>Om du skickar f\u00f6rfr\u00e5gningar till mig via kontaktformul\u00e4ret sparas dina uppgifter fr\u00e5n formul\u00e4ret inklusive de kontaktuppgifter du anger d\u00e4r f\u00f6r behandling av f\u00f6rfr\u00e5gan och eventuella f\u00f6ljdfr\u00e5gor. Dessa uppgifter l\u00e4mnar jag inte ut utan ditt samtycke.<\/p>\n<p>Behandlingen av uppgifter som anges i kontaktformul\u00e4ret sker d\u00e4rmed uteslutande p\u00e5 grundval av ditt samtycke (artikel 6.1 a i dataskyddsf\u00f6rordningen). Du kan n\u00e4r som helst \u00e5terkalla detta samtycke. F\u00f6r detta r\u00e4cker ett informellt meddelande till mig via e-post. Lagligheten f\u00f6r den behandling som skett fram tills samtycket \u00e5terkallats p\u00e5verkas inte av \u00e5terkallandet.<\/p>\n<p>De uppgifter som du angett i kontaktformul\u00e4ret blir kvar hos mig tills du ber mig att radera dem, \u00e5terkallar ditt samtycke till lagringen eller \u00e4ndam\u00e5let f\u00f6r lagringen av uppgifter bortfaller (t.ex. efter avslutad behandling av din f\u00f6rfr\u00e5gan). Tvingande lagbest\u00e4mmelser \u2013 s\u00e4rskilt lagringstider \u2013 p\u00e5verkas inte.<\/p>\n<p><span><b>F\u00f6rfr\u00e5gan via e-post eller fax<br \/><\/b><\/span>Om du kontaktar mig via e-post eller fax lagras och behandlas din f\u00f6rfr\u00e5gan inklusive alla personuppgifter som framg\u00e5r av denna (namn, f\u00f6rfr\u00e5gan) f\u00f6r behandlingen av ditt \u00e4rende. Dessa uppgifter l\u00e4mnar jag inte ut utan ditt samtycke.<\/p>\n<p>Behandlingen av dessa uppgifter sker p\u00e5 grundval av artikel 6.1 b i dataskyddsf\u00f6rordningen s\u00e5vida din f\u00f6rfr\u00e5gan har samband med att fullg\u00f6ra ett avtal eller vidta \u00e5tg\u00e4rder innan ett s\u00e5dant avtal ing\u00e5s. I \u00f6vriga fall grundar sig behandlingen p\u00e5 ditt samtycke (artikel 6.1 a i dataskyddsf\u00f6rordningen) och\/eller p\u00e5 mina ber\u00e4ttigade intressen (artikel 6.1 f i dataskyddsf\u00f6rordningen), d\u00e5 jag har ett ber\u00e4ttigat intresse av en effektiv behandling av de f\u00f6rfr\u00e5gningar som vi f\u00e5r.<\/p>\n<p>De uppgifter som skickas till mig via kontaktf\u00f6rfr\u00e5gningar blir kvar hos mig tills du ber mig att radera dem, \u00e5terkallar ditt samtycke till lagringen eller \u00e4ndam\u00e5let f\u00f6r lagringen av uppgifter bortfaller (t.ex. efter avslutad behandling av din f\u00f6rfr\u00e5gan). Tvingande lagbest\u00e4mmelser \u2013 s\u00e4rskilt lagstadgade lagringstider \u2013 p\u00e5verkas inte.<\/p>\n<p><span><a href=\"https:\/\/www.e-recht24.de\/\">K\u00e4lla:eRecht24<\/a><\/span><\/p>\n<p>[\/et_pb_text][\/et_pb_column][\/et_pb_row][\/et_pb_section][et_pb_section fb_built=&#8221;1&#8243; _builder_version=&#8221;4.4.1&#8243; background_image=&#8221;https:\/\/timander.de\/wp-content\/uploads\/2020\/03\/F\u00fchrungskr\u00e4fte-angstfrei-Verantwortung-tragen.jpg&#8221; min_height=&#8221;400px&#8221; height=&#8221;900px&#8221; custom_margin=&#8221;1px|||||&#8221; custom_padding=&#8221;8px||767px|||&#8221; global_colors_info=&#8221;{}&#8221;][\/et_pb_section]<\/p>\n","protected":false},"excerpt":{"rendered":"<p>Privatliv Integritetspolicy 1. \u00d6versikt \u00f6ver dataskydd Allm\u00e4nna upplysningarF\u00f6ljande information ger en enkel \u00f6versikt \u00f6ver vad som h\u00e4nder med dina personuppgifter n\u00e4r du bes\u00f6ker min webbplats. Personuppgifter \u00e4r alla uppgifter med vilka du kan identifieras. Utf\u00f6rlig information om dataskydd finns i v\u00e5r integritetspolicy under denna text. Insamling av uppgifter p\u00e5 min webbplatsVem ansvarar f\u00f6r insamlingen av [&hellip;]<\/p>\n","protected":false},"author":6,"featured_media":0,"parent":0,"menu_order":0,"comment_status":"closed","ping_status":"closed","template":"","meta":{"_et_pb_use_builder":"on","_et_pb_old_content":"","_et_gb_content_width":"","footnotes":""},"class_list":["post-2333","page","type-page","status-publish","hentry"],"yoast_head":"<!-- This site is optimized with the Yoast SEO Premium plugin v26.8 (Yoast SEO v26.8) - https:\/\/yoast.com\/product\/yoast-seo-premium-wordpress\/ -->\n<title>Privatliv - Svea Timander<\/title>\n<meta name=\"robots\" content=\"index, follow, max-snippet:-1, max-image-preview:large, max-video-preview:-1\" \/>\n<link rel=\"canonical\" href=\"https:\/\/timander.de\/sv\/privatliv\/\" \/>\n<meta property=\"og:locale\" content=\"sv_SE\" \/>\n<meta property=\"og:type\" content=\"article\" \/>\n<meta property=\"og:title\" content=\"Privatliv\" \/>\n<meta property=\"og:description\" content=\"Privatliv Integritetspolicy 1. \u00d6versikt \u00f6ver dataskydd Allm\u00e4nna upplysningarF\u00f6ljande information ger en enkel \u00f6versikt \u00f6ver vad som h\u00e4nder med dina personuppgifter n\u00e4r du bes\u00f6ker min webbplats. Personuppgifter \u00e4r alla uppgifter med vilka du kan identifieras. Utf\u00f6rlig information om dataskydd finns i v\u00e5r integritetspolicy under denna text. Insamling av uppgifter p\u00e5 min webbplatsVem ansvarar f\u00f6r insamlingen av [&hellip;]\" \/>\n<meta property=\"og:url\" content=\"https:\/\/timander.de\/sv\/privatliv\/\" \/>\n<meta property=\"og:site_name\" content=\"Svea Timander\" \/>\n<meta property=\"article:modified_time\" content=\"2022-02-16T09:50:42+00:00\" \/>\n<meta name=\"twitter:card\" content=\"summary_large_image\" \/>\n<script type=\"application\/ld+json\" class=\"yoast-schema-graph\">{\"@context\":\"https:\/\/schema.org\",\"@graph\":[{\"@type\":\"WebPage\",\"@id\":\"https:\/\/timander.de\/sv\/privatliv\/\",\"url\":\"https:\/\/timander.de\/sv\/privatliv\/\",\"name\":\"Privatliv - Svea Timander\",\"isPartOf\":{\"@id\":\"https:\/\/timander.de\/#website\"},\"datePublished\":\"2022-01-14T10:11:47+00:00\",\"dateModified\":\"2022-02-16T09:50:42+00:00\",\"breadcrumb\":{\"@id\":\"https:\/\/timander.de\/sv\/privatliv\/#breadcrumb\"},\"inLanguage\":\"sv-SE\",\"potentialAction\":[{\"@type\":\"ReadAction\",\"target\":[\"https:\/\/timander.de\/sv\/privatliv\/\"]}]},{\"@type\":\"BreadcrumbList\",\"@id\":\"https:\/\/timander.de\/sv\/privatliv\/#breadcrumb\",\"itemListElement\":[{\"@type\":\"ListItem\",\"position\":1,\"name\":\"Startseite\",\"item\":\"https:\/\/timander.de\/sv\/\"},{\"@type\":\"ListItem\",\"position\":2,\"name\":\"Privatliv\"}]},{\"@type\":\"WebSite\",\"@id\":\"https:\/\/timander.de\/#website\",\"url\":\"https:\/\/timander.de\/\",\"name\":\"Svea Timander\",\"description\":\"Digitalisierung hei\u00dft F\u00fchrungskompetenzerweiterung\",\"publisher\":{\"@id\":\"https:\/\/timander.de\/#\/schema\/person\/b34f98d8cf04d9a75a3182b59d8c4d3d\"},\"potentialAction\":[{\"@type\":\"SearchAction\",\"target\":{\"@type\":\"EntryPoint\",\"urlTemplate\":\"https:\/\/timander.de\/?s={search_term_string}\"},\"query-input\":{\"@type\":\"PropertyValueSpecification\",\"valueRequired\":true,\"valueName\":\"search_term_string\"}}],\"inLanguage\":\"sv-SE\"},{\"@type\":[\"Person\",\"Organization\"],\"@id\":\"https:\/\/timander.de\/#\/schema\/person\/b34f98d8cf04d9a75a3182b59d8c4d3d\",\"name\":\"Svea Timander\",\"image\":{\"@type\":\"ImageObject\",\"inLanguage\":\"sv-SE\",\"@id\":\"https:\/\/timander.de\/#\/schema\/person\/image\/\",\"url\":\"https:\/\/secure.gravatar.com\/avatar\/f819e28489c4d92b854073bb5fa9aab3?s=96&d=mm&r=g\",\"contentUrl\":\"https:\/\/secure.gravatar.com\/avatar\/f819e28489c4d92b854073bb5fa9aab3?s=96&d=mm&r=g\",\"caption\":\"Svea Timander\"},\"logo\":{\"@id\":\"https:\/\/timander.de\/#\/schema\/person\/image\/\"},\"sameAs\":[\"https:\/\/timander.de\"]}]}<\/script>\n<!-- \/ Yoast SEO Premium plugin. -->","yoast_head_json":{"title":"Privatliv - Svea Timander","robots":{"index":"index","follow":"follow","max-snippet":"max-snippet:-1","max-image-preview":"max-image-preview:large","max-video-preview":"max-video-preview:-1"},"canonical":"https:\/\/timander.de\/sv\/privatliv\/","og_locale":"sv_SE","og_type":"article","og_title":"Privatliv","og_description":"Privatliv Integritetspolicy 1. \u00d6versikt \u00f6ver dataskydd Allm\u00e4nna upplysningarF\u00f6ljande information ger en enkel \u00f6versikt \u00f6ver vad som h\u00e4nder med dina personuppgifter n\u00e4r du bes\u00f6ker min webbplats. Personuppgifter \u00e4r alla uppgifter med vilka du kan identifieras. Utf\u00f6rlig information om dataskydd finns i v\u00e5r integritetspolicy under denna text. Insamling av uppgifter p\u00e5 min webbplatsVem ansvarar f\u00f6r insamlingen av [&hellip;]","og_url":"https:\/\/timander.de\/sv\/privatliv\/","og_site_name":"Svea Timander","article_modified_time":"2022-02-16T09:50:42+00:00","twitter_card":"summary_large_image","schema":{"@context":"https:\/\/schema.org","@graph":[{"@type":"WebPage","@id":"https:\/\/timander.de\/sv\/privatliv\/","url":"https:\/\/timander.de\/sv\/privatliv\/","name":"Privatliv - Svea Timander","isPartOf":{"@id":"https:\/\/timander.de\/#website"},"datePublished":"2022-01-14T10:11:47+00:00","dateModified":"2022-02-16T09:50:42+00:00","breadcrumb":{"@id":"https:\/\/timander.de\/sv\/privatliv\/#breadcrumb"},"inLanguage":"sv-SE","potentialAction":[{"@type":"ReadAction","target":["https:\/\/timander.de\/sv\/privatliv\/"]}]},{"@type":"BreadcrumbList","@id":"https:\/\/timander.de\/sv\/privatliv\/#breadcrumb","itemListElement":[{"@type":"ListItem","position":1,"name":"Startseite","item":"https:\/\/timander.de\/sv\/"},{"@type":"ListItem","position":2,"name":"Privatliv"}]},{"@type":"WebSite","@id":"https:\/\/timander.de\/#website","url":"https:\/\/timander.de\/","name":"Svea Timander","description":"Digitalisierung hei\u00dft F\u00fchrungskompetenzerweiterung","publisher":{"@id":"https:\/\/timander.de\/#\/schema\/person\/b34f98d8cf04d9a75a3182b59d8c4d3d"},"potentialAction":[{"@type":"SearchAction","target":{"@type":"EntryPoint","urlTemplate":"https:\/\/timander.de\/?s={search_term_string}"},"query-input":{"@type":"PropertyValueSpecification","valueRequired":true,"valueName":"search_term_string"}}],"inLanguage":"sv-SE"},{"@type":["Person","Organization"],"@id":"https:\/\/timander.de\/#\/schema\/person\/b34f98d8cf04d9a75a3182b59d8c4d3d","name":"Svea Timander","image":{"@type":"ImageObject","inLanguage":"sv-SE","@id":"https:\/\/timander.de\/#\/schema\/person\/image\/","url":"https:\/\/secure.gravatar.com\/avatar\/f819e28489c4d92b854073bb5fa9aab3?s=96&d=mm&r=g","contentUrl":"https:\/\/secure.gravatar.com\/avatar\/f819e28489c4d92b854073bb5fa9aab3?s=96&d=mm&r=g","caption":"Svea Timander"},"logo":{"@id":"https:\/\/timander.de\/#\/schema\/person\/image\/"},"sameAs":["https:\/\/timander.de"]}]}},"_links":{"self":[{"href":"https:\/\/timander.de\/sv\/wp-json\/wp\/v2\/pages\/2333","targetHints":{"allow":["GET"]}}],"collection":[{"href":"https:\/\/timander.de\/sv\/wp-json\/wp\/v2\/pages"}],"about":[{"href":"https:\/\/timander.de\/sv\/wp-json\/wp\/v2\/types\/page"}],"author":[{"embeddable":true,"href":"https:\/\/timander.de\/sv\/wp-json\/wp\/v2\/users\/6"}],"replies":[{"embeddable":true,"href":"https:\/\/timander.de\/sv\/wp-json\/wp\/v2\/comments?post=2333"}],"version-history":[{"count":2,"href":"https:\/\/timander.de\/sv\/wp-json\/wp\/v2\/pages\/2333\/revisions"}],"predecessor-version":[{"id":2335,"href":"https:\/\/timander.de\/sv\/wp-json\/wp\/v2\/pages\/2333\/revisions\/2335"}],"wp:attachment":[{"href":"https:\/\/timander.de\/sv\/wp-json\/wp\/v2\/media?parent=2333"}],"curies":[{"name":"wp","href":"https:\/\/api.w.org\/{rel}","templated":true}]}}